{"id":2350,"date":"2024-04-03T06:50:56","date_gmt":"2024-04-03T06:50:56","guid":{"rendered":"https:\/\/www.profesiadays.sk\/?page_id=2350"},"modified":"2024-11-25T15:23:53","modified_gmt":"2024-11-25T15:23:53","slug":"casto-kladene-otazky","status":"publish","type":"page","link":"https:\/\/www.profesiadays.sk\/en\/casto-kladene-otazky\/","title":{"rendered":"\u010casto kladen\u00e9 ot\u00e1zky"},"content":{"rendered":"\n<p class=\"text text--big text-color-senary\"><strong>Je festival pre n\u00e1v\u0161tevn\u00edkov a n\u00e1v\u0161tevn\u00ed\u010dky zadarmo?<\/strong><br>\u00c1no. Cie\u013eom festivalu pr\u00edle\u017eitost\u00ed Profesia days je pom\u00e1ha\u0165 \u013eu\u010fom pri h\u013eadan\u00ed zamestnania, preto je vstup pre ka\u017ed\u00e9ho bez rozdielu zadarmo. Pre z\u00edskanie vstupenky je v\u0161ak potrebn\u00e9 registrova\u0165 sa.\u00a0<\/p>\n\n\n\n<div style=\"height:50px\" aria-hidden=\"true\" class=\"wp-block-spacer\"><\/div>\n\n\n\n<p class=\"text text--big text-color-senary\"><strong>Je registr\u00e1cia na podujatie potrebn\u00e1?<\/strong><br>\u00c1no, kapacita Starej tr\u017enice je limitovan\u00e1 a na\u0161\u00edm cie\u013eom je, aby sa v\u0161etci na Profesia days c\u00edtili pr\u00edjemne. Bez platnej vstupenky preto nebude n\u00e1v\u0161tevn\u00edkovi \u010di n\u00e1v\u0161tevni\u010dke umo\u017enen\u00fd vstup na festival. Navy\u0161e, po vyplnen\u00ed v\u0161etk\u00fdch inform\u00e1cii pri registr\u00e1cii bude\u0161 automaticky zaraden\u00fd do s\u00fa\u0165a\u017ee o hodnotn\u00e9 ceny.&nbsp;<\/p>\n\n\n\n<div style=\"height:50px\" aria-hidden=\"true\" class=\"wp-block-spacer\"><\/div>\n\n\n\n<p class=\"text text--big text-color-senary\"><strong>M\u00f4\u017eem sa zaregistrova\u0165 aj na mieste?<\/strong><br>\u00c1no, registr\u00e1cia bude mo\u017en\u00e1 aj na mieste. Ak v\u0161ak chce\u0161 u\u0161etri\u0165 \u010das, odpor\u00fa\u010dame registrova\u0165 sa online u\u017e pred podujat\u00edm.<\/p>\n\n\n\n<div style=\"height:50px\" aria-hidden=\"true\" class=\"wp-block-spacer\"><\/div>\n\n\n\n<p class=\"text text--big text-color-senary\"><strong>Ako sa dostanem na miesto konania?<\/strong><br>Festival pr\u00edle\u017eitost\u00ed Profesia days sa uskuto\u010dn\u00ed v samotnom centre Bratislavy \u2013 v Starej tr\u017enici, ktor\u00e1 sa nach\u00e1dza na N\u00e1mest\u00ed Ne\u017enej revol\u00facie. Lokalita je jednoducho pr\u00edstupn\u00e1 pe\u0161o, bicyklom i mestskou hromadnou dopravou.<\/p>\n\n\n\n<div style=\"height:50px\" aria-hidden=\"true\" class=\"wp-block-spacer\"><\/div>\n\n\n\n<p class=\"text text--big text-color-senary\"><strong>Ak\u00e9 firmy bud\u00fa na podujat\u00ed h\u013eada\u0165 zamestnancov a ak\u00e9 poz\u00edcie pon\u00fakaj\u00fa?<\/strong><br>Vystavova\u0165 bude viac ne\u017e 90 zamestn\u00e1vate\u013eov. Jedn\u00e1 sa o men\u0161ie i v\u00e4\u010d\u0161ie spolo\u010dnosti, ktor\u00e9 h\u013eadaj\u00fa nov\u00fdch kolegov a kolegyne v r\u00f4znych pracovn\u00fdch oblastiach.<\/p>\n\n\n\n<div style=\"height:50px\" aria-hidden=\"true\" class=\"wp-block-spacer\"><\/div>\n\n\n\n<p class=\"text text--big text-color-senary\"><strong>\u010co v\u0161etko m\u00f4\u017eem na Profesia days robi\u0165?<\/strong><br>Program je pestr\u00fd a zameran\u00fd na vzdel\u00e1vanie. Na festivale pr\u00edle\u017eitost\u00ed m\u00f4\u017ee\u0161 otestova\u0165 svoje zru\u010dnosti, vylep\u0161i\u0165 si \u017eivotopis a prezenta\u010dn\u00e9 schopnosti, ale aj zapoji\u0165 sa do ve\u013ek\u00e9ho mno\u017estva tematick\u00fdch workshopov.<\/p>\n\n\n\n<p class=\"text text--big text-color-senary\">Nez\u00e1le\u017e\u00ed, \u010di si na za\u010diatku svojej kari\u00e9rnej cesty alebo u\u017e m\u00e1\u0161 \u010do-to odpracovan\u00e9 a&nbsp;h\u013ead\u00e1\u0161 nov\u00fd smer. Profesia days s\u00fa jedine\u010dnou pr\u00edle\u017eitos\u0165ou, kde sa m\u00f4\u017ee\u0161 na\u017eivo stretn\u00fa\u0165 s mno\u017estvom potenci\u00e1lnych zamestn\u00e1vate\u013eov a&nbsp;zisti\u0165 svoje siln\u00e9 str\u00e1nky.<\/p>\n\n\n\n<div style=\"height:50px\" aria-hidden=\"true\" class=\"wp-block-spacer\"><\/div>\n\n\n\n<p class=\"text text--big text-color-senary\"><strong>Kto organizuje podujatie Profesia days 2025?<\/strong><br>Festival pr\u00edle\u017eitost\u00ed organizuje spolo\u010dnos\u0165 Alma Career Slovakia, ktor\u00e1 prev\u00e1dzkuje najv\u00e4\u010d\u0161\u00ed pracovn\u00fd port\u00e1l na Slovensku,&nbsp;<a href=\"https:\/\/www.profesia.sk\/\">Profesia.sk<\/a>, kde sa m\u00f4\u017ee\u0161 informova\u0165 o vo\u013en\u00fdch pracovn\u00fdch poz\u00edci\u00e1ch doma aj v zahrani\u010d\u00ed.<\/p>\n\n\n\n<p><\/p>\n","protected":false},"excerpt":{"rendered":"<p>Je festival pre n\u00e1v\u0161tevn\u00edkov a n\u00e1v\u0161tevn\u00ed\u010dky zadarmo?\u00c1no. Cie\u013eom festivalu pr\u00edle\u017eitost\u00ed Profesia days je pom\u00e1ha\u0165 \u013eu\u010fom pri h\u013eadan\u00ed zamestnania, preto je vstup pre ka\u017ed\u00e9ho bez rozdielu zadarmo. Pre z\u00edskanie vstupenky je v\u0161ak potrebn\u00e9 registrova\u0165 sa.\u00a0 Je registr\u00e1cia na podujatie potrebn\u00e1?\u00c1no, kapacita Starej tr\u017enice je limitovan\u00e1 a na\u0161\u00edm cie\u013eom je, aby sa v\u0161etci na Profesia days c\u00edtili [&hellip;]<\/p>\n","protected":false},"author":5,"featured_media":0,"parent":0,"menu_order":0,"comment_status":"closed","ping_status":"closed","template":"","meta":{"_acf_changed":false,"footnotes":""},"class_list":["post-2350","page","type-page","status-publish","hentry"],"acf":[],"yoast_head":"<!-- This site is optimized with the Yoast SEO plugin v24.4 - https:\/\/yoast.com\/wordpress\/plugins\/seo\/ -->\n<title>\u010casto kladen\u00e9 ot\u00e1zky - Profesia Days<\/title>\n<meta name=\"robots\" content=\"index, follow, max-snippet:-1, max-image-preview:large, max-video-preview:-1\" \/>\n<link rel=\"canonical\" href=\"https:\/\/www.profesiadays.sk\/casto-kladene-otazky\/\" \/>\n<meta property=\"og:locale\" content=\"en_US\" \/>\n<meta property=\"og:type\" content=\"article\" \/>\n<meta property=\"og:title\" content=\"\u010casto kladen\u00e9 ot\u00e1zky - Profesia Days\" \/>\n<meta property=\"og:description\" content=\"Je festival pre n\u00e1v\u0161tevn\u00edkov a n\u00e1v\u0161tevn\u00ed\u010dky zadarmo?\u00c1no. Cie\u013eom festivalu pr\u00edle\u017eitost\u00ed Profesia days je pom\u00e1ha\u0165 \u013eu\u010fom pri h\u013eadan\u00ed zamestnania, preto je vstup pre ka\u017ed\u00e9ho bez rozdielu zadarmo. Pre z\u00edskanie vstupenky je v\u0161ak potrebn\u00e9 registrova\u0165 sa.\u00a0 Je registr\u00e1cia na podujatie potrebn\u00e1?\u00c1no, kapacita Starej tr\u017enice je limitovan\u00e1 a na\u0161\u00edm cie\u013eom je, aby sa v\u0161etci na Profesia days c\u00edtili [&hellip;]\" \/>\n<meta property=\"og:url\" content=\"https:\/\/www.profesiadays.sk\/casto-kladene-otazky\/\" \/>\n<meta property=\"og:site_name\" content=\"Profesia Days\" \/>\n<meta property=\"article:modified_time\" content=\"2024-11-25T15:23:53+00:00\" \/>\n<meta property=\"og:image\" content=\"https:\/\/www.profesiadays.sk\/wp-content\/uploads\/2024\/01\/article_2.jpeg\" \/>\n\t<meta property=\"og:image:width\" content=\"1200\" \/>\n\t<meta property=\"og:image:height\" content=\"800\" \/>\n\t<meta property=\"og:image:type\" content=\"image\/jpeg\" \/>\n<meta name=\"twitter:card\" content=\"summary_large_image\" \/>\n<meta name=\"twitter:label1\" content=\"Est. reading time\" \/>\n\t<meta name=\"twitter:data1\" content=\"2 minutes\" \/>\n<script type=\"application\/ld+json\" class=\"yoast-schema-graph\">{\"@context\":\"https:\/\/schema.org\",\"@graph\":[{\"@type\":\"WebPage\",\"@id\":\"https:\/\/www.profesiadays.sk\/casto-kladene-otazky\/\",\"url\":\"https:\/\/www.profesiadays.sk\/casto-kladene-otazky\/\",\"name\":\"\u010casto kladen\u00e9 ot\u00e1zky - Profesia Days\",\"isPartOf\":{\"@id\":\"https:\/\/www.profesiadays.sk\/#website\"},\"datePublished\":\"2024-04-03T06:50:56+00:00\",\"dateModified\":\"2024-11-25T15:23:53+00:00\",\"breadcrumb\":{\"@id\":\"https:\/\/www.profesiadays.sk\/casto-kladene-otazky\/#breadcrumb\"},\"inLanguage\":\"en-US\",\"potentialAction\":[{\"@type\":\"ReadAction\",\"target\":[\"https:\/\/www.profesiadays.sk\/casto-kladene-otazky\/\"]}]},{\"@type\":\"BreadcrumbList\",\"@id\":\"https:\/\/www.profesiadays.sk\/casto-kladene-otazky\/#breadcrumb\",\"itemListElement\":[{\"@type\":\"ListItem\",\"position\":1,\"name\":\"Dom\u016f\",\"item\":\"https:\/\/www.profesiadays.sk\/\"},{\"@type\":\"ListItem\",\"position\":2,\"name\":\"\u010casto kladen\u00e9 ot\u00e1zky\"}]},{\"@type\":\"WebSite\",\"@id\":\"https:\/\/www.profesiadays.sk\/#website\",\"url\":\"https:\/\/www.profesiadays.sk\/\",\"name\":\"Profesia Days\",\"description\":\"Profesia days\",\"potentialAction\":[{\"@type\":\"SearchAction\",\"target\":{\"@type\":\"EntryPoint\",\"urlTemplate\":\"https:\/\/www.profesiadays.sk\/?s={search_term_string}\"},\"query-input\":{\"@type\":\"PropertyValueSpecification\",\"valueRequired\":true,\"valueName\":\"search_term_string\"}}],\"inLanguage\":\"en-US\"}]}<\/script>\n<!-- \/ Yoast SEO plugin. -->","yoast_head_json":{"title":"\u010casto kladen\u00e9 ot\u00e1zky - Profesia Days","robots":{"index":"index","follow":"follow","max-snippet":"max-snippet:-1","max-image-preview":"max-image-preview:large","max-video-preview":"max-video-preview:-1"},"canonical":"https:\/\/www.profesiadays.sk\/casto-kladene-otazky\/","og_locale":"en_US","og_type":"article","og_title":"\u010casto kladen\u00e9 ot\u00e1zky - Profesia Days","og_description":"Je festival pre n\u00e1v\u0161tevn\u00edkov a n\u00e1v\u0161tevn\u00ed\u010dky zadarmo?\u00c1no. Cie\u013eom festivalu pr\u00edle\u017eitost\u00ed Profesia days je pom\u00e1ha\u0165 \u013eu\u010fom pri h\u013eadan\u00ed zamestnania, preto je vstup pre ka\u017ed\u00e9ho bez rozdielu zadarmo. Pre z\u00edskanie vstupenky je v\u0161ak potrebn\u00e9 registrova\u0165 sa.\u00a0 Je registr\u00e1cia na podujatie potrebn\u00e1?\u00c1no, kapacita Starej tr\u017enice je limitovan\u00e1 a na\u0161\u00edm cie\u013eom je, aby sa v\u0161etci na Profesia days c\u00edtili [&hellip;]","og_url":"https:\/\/www.profesiadays.sk\/casto-kladene-otazky\/","og_site_name":"Profesia Days","article_modified_time":"2024-11-25T15:23:53+00:00","og_image":[{"width":1200,"height":800,"url":"https:\/\/www.profesiadays.sk\/wp-content\/uploads\/2024\/01\/article_2.jpeg","type":"image\/jpeg"}],"twitter_card":"summary_large_image","twitter_misc":{"Est. reading time":"2 minutes"},"schema":{"@context":"https:\/\/schema.org","@graph":[{"@type":"WebPage","@id":"https:\/\/www.profesiadays.sk\/casto-kladene-otazky\/","url":"https:\/\/www.profesiadays.sk\/casto-kladene-otazky\/","name":"\u010casto kladen\u00e9 ot\u00e1zky - Profesia Days","isPartOf":{"@id":"https:\/\/www.profesiadays.sk\/#website"},"datePublished":"2024-04-03T06:50:56+00:00","dateModified":"2024-11-25T15:23:53+00:00","breadcrumb":{"@id":"https:\/\/www.profesiadays.sk\/casto-kladene-otazky\/#breadcrumb"},"inLanguage":"en-US","potentialAction":[{"@type":"ReadAction","target":["https:\/\/www.profesiadays.sk\/casto-kladene-otazky\/"]}]},{"@type":"BreadcrumbList","@id":"https:\/\/www.profesiadays.sk\/casto-kladene-otazky\/#breadcrumb","itemListElement":[{"@type":"ListItem","position":1,"name":"Dom\u016f","item":"https:\/\/www.profesiadays.sk\/"},{"@type":"ListItem","position":2,"name":"\u010casto kladen\u00e9 ot\u00e1zky"}]},{"@type":"WebSite","@id":"https:\/\/www.profesiadays.sk\/#website","url":"https:\/\/www.profesiadays.sk\/","name":"Profesia Days","description":"Profesia days","potentialAction":[{"@type":"SearchAction","target":{"@type":"EntryPoint","urlTemplate":"https:\/\/www.profesiadays.sk\/?s={search_term_string}"},"query-input":{"@type":"PropertyValueSpecification","valueRequired":true,"valueName":"search_term_string"}}],"inLanguage":"en-US"}]}},"_links":{"self":[{"href":"https:\/\/www.profesiadays.sk\/en\/wp-json\/wp\/v2\/pages\/2350","targetHints":{"allow":["GET"]}}],"collection":[{"href":"https:\/\/www.profesiadays.sk\/en\/wp-json\/wp\/v2\/pages"}],"about":[{"href":"https:\/\/www.profesiadays.sk\/en\/wp-json\/wp\/v2\/types\/page"}],"author":[{"embeddable":true,"href":"https:\/\/www.profesiadays.sk\/en\/wp-json\/wp\/v2\/users\/5"}],"replies":[{"embeddable":true,"href":"https:\/\/www.profesiadays.sk\/en\/wp-json\/wp\/v2\/comments?post=2350"}],"version-history":[{"count":9,"href":"https:\/\/www.profesiadays.sk\/en\/wp-json\/wp\/v2\/pages\/2350\/revisions"}],"predecessor-version":[{"id":5435,"href":"https:\/\/www.profesiadays.sk\/en\/wp-json\/wp\/v2\/pages\/2350\/revisions\/5435"}],"wp:attachment":[{"href":"https:\/\/www.profesiadays.sk\/en\/wp-json\/wp\/v2\/media?parent=2350"}],"curies":[{"name":"wp","href":"https:\/\/api.w.org\/{rel}","templated":true}]}}